{"id":12032,"date":"2026-04-30T16:25:09","date_gmt":"2026-04-30T14:25:09","guid":{"rendered":"https:\/\/vitana.ch\/fr\/shop\/unkategorisiert\/vitana-pelage-et-peau-chiens\/"},"modified":"2026-04-30T17:40:19","modified_gmt":"2026-04-30T15:40:19","slug":"vitana-pelage-et-peau-chiens","status":"publish","type":"product","link":"https:\/\/vitana.ch\/fr\/shop\/chiens\/nourriture-complementaire-chiens\/vitana-pelage-et-peau-chiens\/","title":{"rendered":"VITANA Pelage et peau"},"content":{"rendered":"<p>Ce m\u00e9lange sp\u00e9cial de plantes est adapt\u00e9 aux chiens souffrant de probl\u00e8mes de pelage et de peau tels que les pellicules, la chute des poils, la s\u00e9cheresse cutan\u00e9e ou l\u2019ecz\u00e9ma. Les pr\u00e9cieux micronutriments soutiennent et stimulent le m\u00e9tabolisme. La coupe fine des plantes facilite d\u2019abord l\u2019absorption, puis la digestion.<\/p>\n","protected":false},"excerpt":{"rendered":"<p><P>M\u00e9lange sp\u00e9cial de plantes avec des ingr\u00e9dients naturels prenant soin du pelage et de la peau. Id\u00e9al contre s\u00e9cheresse cutan\u00e9e, d\u00e9mangeaisons, pellicules, chute de poils et ecz\u00e9ma.<\/P><\/p>\n","protected":false},"featured_media":2859,"template":"","meta":[],"product_cat":[18,19,23],"product_tag":[176,290,178,180,486,186,181,156],"_links":{"self":[{"href":"https:\/\/vitana.ch\/fr\/wp-json\/wp\/v2\/product\/12032"}],"collection":[{"href":"https:\/\/vitana.ch\/fr\/wp-json\/wp\/v2\/product"}],"about":[{"href":"https:\/\/vitana.ch\/fr\/wp-json\/wp\/v2\/types\/product"}],"wp:featuredmedia":[{"embeddable":true,"href":"https:\/\/vitana.ch\/fr\/wp-json\/wp\/v2\/media\/2859"}],"wp:attachment":[{"href":"https:\/\/vitana.ch\/fr\/wp-json\/wp\/v2\/media?parent=12032"}],"wp:term":[{"taxonomy":"product_cat","embeddable":true,"href":"https:\/\/vitana.ch\/fr\/wp-json\/wp\/v2\/product_cat?post=12032"},{"taxonomy":"product_tag","embeddable":true,"href":"https:\/\/vitana.ch\/fr\/wp-json\/wp\/v2\/product_tag?post=12032"}],"curies":[{"name":"wp","href":"https:\/\/api.w.org\/{rel}","templated":true}]}}