{"id":12376,"date":"2026-05-01T16:31:24","date_gmt":"2026-05-01T14:31:24","guid":{"rendered":"https:\/\/vitana.ch\/fr\/shop\/unkategorisiert\/vitana-corce-de-cynorrhodon-chevaux\/"},"modified":"2026-05-01T17:40:22","modified_gmt":"2026-05-01T15:40:22","slug":"vitana-corce-de-cynorrhodon-chevaux","status":"publish","type":"product","link":"https:\/\/vitana.ch\/fr\/shop\/chevaux\/nourriture-complementaire-chevaux\/vitana-corce-de-cynorrhodon-chevaux\/","title":{"rendered":"VITANA \u00c9corce de cynorrhodon"},"content":{"rendered":"<p>Les \u00e9corces de cynorhodon sont riches en vitamine C, en antioxydants et en flavono\u00efdes qui renforcent le syst\u00e8me immunitaire et favorisent la r\u00e9g\u00e9n\u00e9ration, en particulier chez les chevaux \u00e2g\u00e9s ou affaiblis. Elles ont une action anti-inflammatoire, soutiennent les articulations et am\u00e9liorent le m\u00e9tabolisme et la digestion. Les \u00e9corces de cynorhodon favorisent en outre la sant\u00e9 de la peau, du pelage et des sabots, rendent le pelage brillant et renforcent la croissance des sabots. Id\u00e9ales aussi en cure printani\u00e8re pour renforcer et revitaliser.<\/p>\n","protected":false},"excerpt":{"rendered":"<p><P>La forte teneur en vitamine C stimule le m\u00e9tabolisme, aide \u00e0 gu\u00e9rir des infections, fortifie les d\u00e9fenses immunitaires et fait ses preuves pour la croissance des sabots. <\/P><\/p>\n","protected":false},"featured_media":3178,"template":"","meta":[],"product_cat":[29,31,33,37],"product_tag":[293],"_links":{"self":[{"href":"https:\/\/vitana.ch\/fr\/wp-json\/wp\/v2\/product\/12376"}],"collection":[{"href":"https:\/\/vitana.ch\/fr\/wp-json\/wp\/v2\/product"}],"about":[{"href":"https:\/\/vitana.ch\/fr\/wp-json\/wp\/v2\/types\/product"}],"wp:featuredmedia":[{"embeddable":true,"href":"https:\/\/vitana.ch\/fr\/wp-json\/wp\/v2\/media\/3178"}],"wp:attachment":[{"href":"https:\/\/vitana.ch\/fr\/wp-json\/wp\/v2\/media?parent=12376"}],"wp:term":[{"taxonomy":"product_cat","embeddable":true,"href":"https:\/\/vitana.ch\/fr\/wp-json\/wp\/v2\/product_cat?post=12376"},{"taxonomy":"product_tag","embeddable":true,"href":"https:\/\/vitana.ch\/fr\/wp-json\/wp\/v2\/product_tag?post=12376"}],"curies":[{"name":"wp","href":"https:\/\/api.w.org\/{rel}","templated":true}]}}